{"id":2492,"date":"2020-06-10T17:25:04","date_gmt":"2020-06-10T17:25:04","guid":{"rendered":"http:\/\/radiologia-senologia.ch\/team\/"},"modified":"2026-02-04T09:54:25","modified_gmt":"2026-02-04T09:54:25","slug":"lequipe","status":"publish","type":"page","link":"https:\/\/radiologia-senologia.ch\/fr\/lequipe\/","title":{"rendered":"L&rsquo;\u00e9quipe"},"content":{"rendered":"<p><div class=\"fusion-fullwidth fullwidth-box fusion-builder-row-1 fusion-flex-container nonhundred-percent-fullwidth non-hundred-percent-height-scrolling\" style=\"--awb-border-radius-top-left:0px;--awb-border-radius-top-right:0px;--awb-border-radius-bottom-right:0px;--awb-border-radius-bottom-left:0px;--awb-padding-right-small:35px;--awb-padding-left-small:35px;--awb-margin-top:0px;--awb-margin-bottom:130px;--awb-margin-bottom-medium:40px;--awb-margin-top-small:35px;--awb-margin-bottom-small:0px;\" ><div class=\"fusion-builder-row fusion-row fusion-flex-align-items-stretch\" style=\"max-width:calc( 1370px + 60px );margin-left: calc(-60px \/ 2 );margin-right: calc(-60px \/ 2 );\"><div class=\"fusion-layout-column fusion_builder_column fusion-builder-column-0 fusion_builder_column_1_1 1_1 fusion-flex-column\" style=\"--awb-bg-size:cover;--awb-width-large:100%;--awb-margin-top-large:0px;--awb-spacing-right-large:30px;--awb-margin-bottom-large:20px;--awb-spacing-left-large:30px;--awb-width-medium:100%;--awb-order-medium:0;--awb-spacing-right-medium:30px;--awb-spacing-left-medium:30px;--awb-width-small:100%;--awb-order-small:0;--awb-spacing-right-small:30px;--awb-spacing-left-small:30px;\"><div class=\"fusion-column-wrapper fusion-column-has-shadow fusion-flex-justify-content-flex-start fusion-content-layout-column\">\n<div class=\"fusion-slider-revolution rev_slider_wrapper\">\t\t\t<!-- START TEAM FR REVOLUTION SLIDER 6.6.8 --><p class=\"rs-p-wp-fix\"><\/p>\n\t\t\t<rs-module-wrap id=\"rev_slider_25_1_wrapper\" data-source=\"gallery\" style=\"visibility:hidden;background:transparent;padding:0;margin:0px auto;margin-top:0;margin-bottom:0;\">\n\t\t\t\t<rs-module id=\"rev_slider_25_1\" style=\"\" data-version=\"6.6.8\">\n\t\t\t\t\t<rs-slides style=\"overflow: hidden; position: absolute;\">\n\t\t\t\t\t\t<rs-slide style=\"position: absolute;\" data-key=\"rs-68\" data-title=\"tomografia\" data-anim=\"adpr:false;\" data-in=\"o:0;\" data-out=\"a:false;\">\n\t\t\t\t\t\t\t<img decoding=\"async\" src=\"\/\/radiologia-senologia.ch\/wp-content\/plugins\/revslider\/public\/assets\/assets\/dummy.png\" alt=\"\" title=\"RADIOLOGIA-SENOLOGIA-CONTATTI-centro\" width=\"1386\" height=\"1080\" class=\"rev-slidebg tp-rs-img rs-lazyload\" data-lazyload=\"\/\/radiologia-senologia.ch\/wp-content\/uploads\/2022\/07\/RADIOLOGIA-SENOLOGIA-CONTATTI-centro.jpg\" data-no-retina>\n<!--\n\t\t\t\t\t\t\t--><rs-layer\n\t\t\t\t\t\t\t\tid=\"slider-25-slide-68-layer-0\" \n\t\t\t\t\t\t\t\tdata-type=\"text\"\n\t\t\t\t\t\t\t\tdata-rsp_ch=\"on\"\n\t\t\t\t\t\t\t\tdata-xy=\"x:c;xo:480px,480px,0,0;y:b,b,m,m;yo:181px,181px,-40px,-40px;\"\n\t\t\t\t\t\t\t\tdata-text=\"w:normal;s:52,52,43,38;l:45,45,37,35;fw:700;a:center;\"\n\t\t\t\t\t\t\t\tdata-frame_999=\"o:0;st:w;\"\n\t\t\t\t\t\t\t\tstyle=\"z-index:10;font-family:'Sen';\"\n\t\t\t\t\t\t\t>Notre \u00e9quipe \n\t\t\t\t\t\t\t<\/rs-layer><!--\n\n\t\t\t\t\t\t\t--><rs-layer\n\t\t\t\t\t\t\t\tid=\"slider-25-slide-68-layer-1\" \n\t\t\t\t\t\t\t\tdata-type=\"shape\"\n\t\t\t\t\t\t\t\tdata-rsp_ch=\"on\"\n\t\t\t\t\t\t\t\tdata-xy=\"x:c;xo:480px,480px,0,0;y:t,t,m,m;yo:441px,441px,0,0;\"\n\t\t\t\t\t\t\t\tdata-text=\"w:normal;s:20,20,8,4;l:0,0,10,6;\"\n\t\t\t\t\t\t\t\tdata-dim=\"w:781px,781px,743px,741px;h:180px,180px,169px,168px;\"\n\t\t\t\t\t\t\t\tdata-frame_0=\"x:0,0,0px,0px;y:0,0,0px,0px;\"\n\t\t\t\t\t\t\t\tdata-frame_1=\"x:0,0,0px,0px;y:0,0,0px,0px;\"\n\t\t\t\t\t\t\t\tdata-frame_999=\"o:0;st:w;\"\n\t\t\t\t\t\t\t\tstyle=\"z-index:8;background-color:rgba(0,0,0,0.5);\"\n\t\t\t\t\t\t\t> \n\t\t\t\t\t\t\t<\/rs-layer><!--\n\n\t\t\t\t\t\t\t--><rs-layer\n\t\t\t\t\t\t\t\tid=\"slider-25-slide-68-layer-2\" \n\t\t\t\t\t\t\t\tdata-type=\"text\"\n\t\t\t\t\t\t\t\tdata-rsp_ch=\"on\"\n\t\t\t\t\t\t\t\tdata-xy=\"x:c;xo:469px,469px,0,0;y:b,b,m,m;yo:102px,102px,30px,30px;\"\n\t\t\t\t\t\t\t\tdata-text=\"w:normal;s:25;l:31,31,30,29;a:center;\"\n\t\t\t\t\t\t\t\tdata-dim=\"w:619px,619px,635px,417px;\"\n\t\t\t\t\t\t\t\tdata-frame_999=\"o:0;st:w;\"\n\t\t\t\t\t\t\t\tstyle=\"z-index:9;font-family:'Roboto';\"\n\t\t\t\t\t\t\t>Nos m\u00e9decins sp\u00e9cialis\u00e9s en s\u00e9nologie et radiologie \n\t\t\t\t\t\t\t<\/rs-layer><!--\n\n\t\t\t\t\t\t\t--><rs-layer\n\t\t\t\t\t\t\t\tid=\"slider-25-slide-68-layer-3\" \n\t\t\t\t\t\t\t\tdata-type=\"shape\"\n\t\t\t\t\t\t\t\tdata-rsp_ch=\"on\"\n\t\t\t\t\t\t\t\tdata-xy=\"x:c;y:b;\"\n\t\t\t\t\t\t\t\tdata-text=\"w:normal;s:20,20,8,4;l:0,0,10,6;\"\n\t\t\t\t\t\t\t\tdata-dim=\"w:1940px,1940px,786px,484px;h:11px,11px,4px,2px;\"\n\t\t\t\t\t\t\t\tdata-frame_999=\"o:0;st:w;\"\n\t\t\t\t\t\t\t\tstyle=\"z-index:11;background-color:#bc2420;\"\n\t\t\t\t\t\t\t> \n\t\t\t\t\t\t\t<\/rs-layer><!--\n-->\t\t\t\t\t\t<\/rs-slide>\n\t\t\t\t\t<\/rs-slides>\n\t\t\t\t\t<rs-static-layers><!--\n\t\t\t\t\t--><\/rs-static-layers>\n\t\t\t\t<\/rs-module>\n\t\t\t\t<script>\n\t\t\t\t\tsetREVStartSize({c: 'rev_slider_25_1',rl:[1240,1024,778,480],el:[700,700,700,700],gw:[1920,1920,778,480],gh:[700,700,700,700],type:'standard',justify:'',layout:'fullwidth',mh:\"0\"});if (window.RS_MODULES!==undefined && window.RS_MODULES.modules!==undefined && window.RS_MODULES.modules[\"revslider251\"]!==undefined) {window.RS_MODULES.modules[\"revslider251\"].once = false;window.revapi25 = undefined;if (window.RS_MODULES.checkMinimal!==undefined) window.RS_MODULES.checkMinimal()}\n\t\t\t\t<\/script>\n\t\t\t<\/rs-module-wrap>\n\t\t\t<!-- END REVOLUTION SLIDER -->\n<\/div><\/div><\/div><\/div><\/div><div class=\"fusion-fullwidth fullwidth-box fusion-builder-row-2 fusion-flex-container nonhundred-percent-fullwidth non-hundred-percent-height-scrolling\" style=\"--awb-border-radius-top-left:0px;--awb-border-radius-top-right:0px;--awb-border-radius-bottom-right:0px;--awb-border-radius-bottom-left:0px;\" ><div class=\"fusion-builder-row fusion-row fusion-flex-align-items-stretch\" style=\"max-width:1424.8px;margin-left: calc(-4% \/ 2 );margin-right: calc(-4% \/ 2 );\"><div class=\"fusion-layout-column fusion_builder_column fusion-builder-column-1 fusion_builder_column_1_3 1_3 fusion-flex-column fusion-flex-align-self-stretch\" style=\"--awb-bg-size:cover;--awb-width-large:33.333333333333%;--awb-margin-top-large:0px;--awb-spacing-right-large:5.76%;--awb-margin-bottom-large:20px;--awb-spacing-left-large:5.76%;--awb-width-medium:33.333333333333%;--awb-order-medium:0;--awb-spacing-right-medium:5.76%;--awb-spacing-left-medium:5.76%;--awb-width-small:100%;--awb-order-small:0;--awb-spacing-right-small:1.92%;--awb-spacing-left-small:1.92%;\"><div class=\"fusion-column-wrapper fusion-column-has-shadow fusion-flex-justify-content-flex-start fusion-content-layout-column\"><div class=\"fusion-image-element \" style=\"--awb-caption-title-size:var(--h2_typography-font-size);--awb-caption-title-transform:var(--h2_typography-text-transform);--awb-caption-title-line-height:var(--h2_typography-line-height);--awb-caption-title-letter-spacing:var(--h2_typography-letter-spacing);\"><span class=\" fusion-imageframe imageframe-none imageframe-1 hover-type-none\"><img decoding=\"async\" width=\"400\" height=\"530\" title=\"CENTRO-DI-RADIOLOGIA-SENOLOGIA-Gert-Kampmann\" src=\"https:\/\/radiologia-senologia.ch\/wp-content\/uploads\/2022\/05\/CENTRO-DI-RADIOLOGIA-SENOLOGIA-Gert-Kampmann.jpg\" data-orig-src=\"https:\/\/www.radiologia-senologia.ch\/wp-content\/uploads\/2022\/05\/CENTRO-DI-RADIOLOGIA-SENOLOGIA-Gert-Kampmann.jpg\" alt class=\"lazyload img-responsive wp-image-2497\" srcset=\"data:image\/svg+xml,%3Csvg%20xmlns%3D%27http%3A%2F%2Fwww.w3.org%2F2000%2Fsvg%27%20width%3D%27400%27%20height%3D%27530%27%20viewBox%3D%270%200%20400%20530%27%3E%3Crect%20width%3D%27400%27%20height%3D%27530%27%20fill-opacity%3D%220%22%2F%3E%3C%2Fsvg%3E\" data-srcset=\"https:\/\/radiologia-senologia.ch\/wp-content\/uploads\/2022\/05\/CENTRO-DI-RADIOLOGIA-SENOLOGIA-Gert-Kampmann-200x265.jpg 200w, https:\/\/radiologia-senologia.ch\/wp-content\/uploads\/2022\/05\/CENTRO-DI-RADIOLOGIA-SENOLOGIA-Gert-Kampmann.jpg 400w\" data-sizes=\"auto\" data-orig-sizes=\"(max-width: 640px) 100vw, 400px\" \/><\/span><\/div><\/div><\/div><div class=\"fusion-layout-column fusion_builder_column fusion-builder-column-2 fusion_builder_column_2_3 2_3 fusion-flex-column fusion-flex-align-self-stretch\" style=\"--awb-bg-size:cover;--awb-width-large:66.666666666667%;--awb-margin-top-large:0px;--awb-spacing-right-large:2.88%;--awb-margin-bottom-large:20px;--awb-spacing-left-large:2.88%;--awb-width-medium:66.666666666667%;--awb-order-medium:0;--awb-spacing-right-medium:2.88%;--awb-spacing-left-medium:2.88%;--awb-width-small:100%;--awb-order-small:0;--awb-spacing-right-small:1.92%;--awb-spacing-left-small:1.92%;\"><div class=\"fusion-column-wrapper fusion-column-has-shadow fusion-flex-justify-content-center fusion-content-layout-column\"><div class=\"fusion-text fusion-text-1\" style=\"--awb-text-transform:none;\"><h2>Dr. med. Gert Kampmann<\/h2>\n<p>Le Dr Med Kampmann est n\u00e9 \u00e0 Bardenberg, en Allemagne. Apr\u00e8s avoir fr\u00e9quent\u00e9 l&rsquo;\u00e9cole primaire et le gymnase \u00e0 Bonn et \u00e0 Dortmund, le Dr Kampmann a effectu\u00e9 une ann\u00e9e de service militaire dans le corps m\u00e9dical et l&rsquo;h\u00f4pital militaire. Il s&rsquo;est ensuite install\u00e9 \u00e0 Rome o\u00f9 il a \u00e9tudi\u00e9 la langue et la culture italiennes de 1979 \u00e0 1980, avant de s&rsquo;inscrire \u00e0 la facult\u00e9 de m\u00e9decine de l&rsquo;universit\u00e9 de Rome (1980-1983). De retour en Allemagne, il a fr\u00e9quent\u00e9 la Freie Universit\u00e4t de Berlin de 1983 \u00e0 1987 et a pass\u00e9 son examen d&rsquo;\u00c9tat en 1987.<\/p>\n<\/div><div ><a class=\"fusion-button button-flat fusion-button-default-size button-default fusion-button-default button-1 fusion-button-default-span fusion-button-default-type\" target=\"_blank\" rel=\"noopener noreferrer\" href=\"https:\/\/www.radiologia-senologia.ch\/wp-content\/uploads\/2022\/07\/2018_Cv_-Dr.-Gert-Kampmann.pdf\"><span class=\"fusion-button-text\">Voir le cv <\/span><\/a><\/div><\/div><\/div><\/div><\/div><div class=\"fusion-fullwidth fullwidth-box fusion-builder-row-3 fusion-flex-container nonhundred-percent-fullwidth non-hundred-percent-height-scrolling\" style=\"--awb-border-radius-top-left:0px;--awb-border-radius-top-right:0px;--awb-border-radius-bottom-right:0px;--awb-border-radius-bottom-left:0px;\" ><div class=\"fusion-builder-row fusion-row fusion-flex-align-items-stretch\" style=\"max-width:1424.8px;margin-left: calc(-4% \/ 2 );margin-right: calc(-4% \/ 2 );\"><div class=\"fusion-layout-column fusion_builder_column fusion-builder-column-3 fusion_builder_column_1_3 1_3 fusion-flex-column fusion-flex-align-self-stretch\" style=\"--awb-bg-size:cover;--awb-width-large:33.333333333333%;--awb-margin-top-large:0px;--awb-spacing-right-large:5.76%;--awb-margin-bottom-large:20px;--awb-spacing-left-large:5.76%;--awb-width-medium:33.333333333333%;--awb-order-medium:0;--awb-spacing-right-medium:5.76%;--awb-spacing-left-medium:5.76%;--awb-width-small:100%;--awb-order-small:0;--awb-spacing-right-small:1.92%;--awb-spacing-left-small:1.92%;\"><div class=\"fusion-column-wrapper fusion-column-has-shadow fusion-flex-justify-content-flex-start fusion-content-layout-column\"><div class=\"fusion-image-element \" style=\"--awb-caption-title-size:var(--h2_typography-font-size);--awb-caption-title-transform:var(--h2_typography-text-transform);--awb-caption-title-line-height:var(--h2_typography-line-height);--awb-caption-title-letter-spacing:var(--h2_typography-letter-spacing);\"><span class=\" fusion-imageframe imageframe-none imageframe-2 hover-type-none\"><img decoding=\"async\" width=\"400\" height=\"530\" title=\"CENTRO-DI-RADIOLOGIA-SENOLOGIA-Manuel-Kampman\" src=\"https:\/\/radiologia-senologia.ch\/wp-content\/uploads\/2022\/05\/CENTRO-DI-RADIOLOGIA-SENOLOGIA-Manuel-Kampman.jpg\" data-orig-src=\"https:\/\/www.radiologia-senologia.ch\/wp-content\/uploads\/2022\/05\/CENTRO-DI-RADIOLOGIA-SENOLOGIA-Manuel-Kampman.jpg\" alt class=\"lazyload img-responsive wp-image-2496\" srcset=\"data:image\/svg+xml,%3Csvg%20xmlns%3D%27http%3A%2F%2Fwww.w3.org%2F2000%2Fsvg%27%20width%3D%27400%27%20height%3D%27530%27%20viewBox%3D%270%200%20400%20530%27%3E%3Crect%20width%3D%27400%27%20height%3D%27530%27%20fill-opacity%3D%220%22%2F%3E%3C%2Fsvg%3E\" data-srcset=\"https:\/\/radiologia-senologia.ch\/wp-content\/uploads\/2022\/05\/CENTRO-DI-RADIOLOGIA-SENOLOGIA-Manuel-Kampman-200x265.jpg 200w, https:\/\/radiologia-senologia.ch\/wp-content\/uploads\/2022\/05\/CENTRO-DI-RADIOLOGIA-SENOLOGIA-Manuel-Kampman.jpg 400w\" data-sizes=\"auto\" data-orig-sizes=\"(max-width: 640px) 100vw, 400px\" \/><\/span><\/div><\/div><\/div><div class=\"fusion-layout-column fusion_builder_column fusion-builder-column-4 fusion_builder_column_2_3 2_3 fusion-flex-column fusion-flex-align-self-stretch\" style=\"--awb-bg-size:cover;--awb-width-large:66.666666666667%;--awb-margin-top-large:0px;--awb-spacing-right-large:2.88%;--awb-margin-bottom-large:20px;--awb-spacing-left-large:2.88%;--awb-width-medium:66.666666666667%;--awb-order-medium:0;--awb-spacing-right-medium:2.88%;--awb-spacing-left-medium:2.88%;--awb-width-small:100%;--awb-order-small:0;--awb-spacing-right-small:1.92%;--awb-spacing-left-small:1.92%;\"><div class=\"fusion-column-wrapper fusion-column-has-shadow fusion-flex-justify-content-center fusion-content-layout-column\"><div class=\"fusion-text fusion-text-2\" style=\"--awb-text-transform:none;\"><h2>Dr. med. Manuel Kampmann<\/h2>\n<p>Dr. med. Manuel Kampmann est un m\u00e9decin suisse-allemand, sp\u00e9cialiste en radiologie, qui a obtenu son dipl\u00f4me de m\u00e9decine \u00e0 l&rsquo;Universit\u00e9 de B\u00e2le en 2009. Il a ensuite effectu\u00e9 sa formation m\u00e9dicale en tant que m\u00e9decin assistant \u00e0 l&rsquo;Institut de radiologie du Kantonsspital Aarau AG entre 2010 et 2013, puis a occup\u00e9 le poste de m\u00e9decin senior dans ce m\u00eame service de 2013 \u00e0 2014. En 2015, il est devenu sp\u00e9cialiste en radiologie (FMH) et a \u00e9galement effectu\u00e9 un Fellowship en radiologie ost\u00e9oarticulaire \u00e0 la Clinique de Radiologie au sein du Centre Hospitalier-Universitaire de B\u00e2le de 2014 \u00e0 2015.<\/p>\n<p>De 2015 \u00e0 2020, le Dr Kampmann a \u00e9t\u00e9 chef du service de radiologie ost\u00e9oarticulaire et Chef de Clinique \u00e0 l&rsquo;Institut de radiologie du Kantonsspital Aarau AG. Il est \u00e9galement certifi\u00e9 Radiologue Ost\u00e9oarticulaire de niveau 2 et titulaire du Dipl\u00f4me Europ\u00e9en d&rsquo;Imagerie Mammaire (EDBI) de la Soci\u00e9t\u00e9 Europ\u00e9enne d&rsquo;Imagerie Mammaire (EUSOBI). En outre, il a \u00e9t\u00e9 membre de l&rsquo;Endoprothetik-Zentrum Kantonsspital Aarau Baden et chef adjoint du service de s\u00e9nologie au Centre de s\u00e9nologie du Kantonsspital Aarau AG.<\/p>\n<p>Depuis 2020, il travaille comme radiologue au Centro di Radiologia e Senologia Luganese et il est membre du programme de d\u00e9pistage par mammographie du canton du Tessin.<\/p>\n<p>Le Dr Kampmann est co-auteur de publications sur diff\u00e9rents sujets, notamment la fasciite plantaire dans le sport et l&rsquo;expression de la prot\u00e9ine p16 dans le cancer oropharyng\u00e9.<\/p>\n<\/div><div ><a class=\"fusion-button button-flat fusion-button-default-size button-default fusion-button-default button-2 fusion-button-default-span fusion-button-default-type\" target=\"_blank\" rel=\"noopener noreferrer\" href=\"https:\/\/radiologia-senologia.ch\/wp-content\/uploads\/2024\/03\/CV-manuel-ITA-X-SITO.pdf\"><span class=\"fusion-button-text\">Voir le cv <\/span><\/a><\/div><\/div><\/div><\/div><\/div><div class=\"fusion-fullwidth fullwidth-box fusion-builder-row-4 fusion-flex-container nonhundred-percent-fullwidth non-hundred-percent-height-scrolling\" style=\"--awb-border-radius-top-left:0px;--awb-border-radius-top-right:0px;--awb-border-radius-bottom-right:0px;--awb-border-radius-bottom-left:0px;\" ><div class=\"fusion-builder-row fusion-row fusion-flex-align-items-stretch\" style=\"max-width:1424.8px;margin-left: calc(-4% \/ 2 );margin-right: calc(-4% \/ 2 );\"><div class=\"fusion-layout-column fusion_builder_column fusion-builder-column-5 fusion_builder_column_1_3 1_3 fusion-flex-column fusion-flex-align-self-stretch\" style=\"--awb-bg-size:cover;--awb-width-large:33.333333333333%;--awb-margin-top-large:0px;--awb-spacing-right-large:5.76%;--awb-margin-bottom-large:20px;--awb-spacing-left-large:5.76%;--awb-width-medium:33.333333333333%;--awb-order-medium:0;--awb-spacing-right-medium:5.76%;--awb-spacing-left-medium:5.76%;--awb-width-small:100%;--awb-order-small:0;--awb-spacing-right-small:1.92%;--awb-spacing-left-small:1.92%;\"><div class=\"fusion-column-wrapper fusion-column-has-shadow fusion-flex-justify-content-flex-start fusion-content-layout-column\"><div class=\"fusion-image-element \" style=\"--awb-caption-title-size:var(--h2_typography-font-size);--awb-caption-title-transform:var(--h2_typography-text-transform);--awb-caption-title-line-height:var(--h2_typography-line-height);--awb-caption-title-letter-spacing:var(--h2_typography-letter-spacing);\"><span class=\" fusion-imageframe imageframe-none imageframe-3 hover-type-none\"><img decoding=\"async\" width=\"400\" height=\"530\" title=\"CENTRO-DI-RADIOLOGIA-SENOLOGIA-TEAM\" src=\"https:\/\/radiologia-senologia.ch\/wp-content\/uploads\/2022\/05\/CENTRO-DI-RADIOLOGIA-SENOLOGIA-TEAM.jpg\" data-orig-src=\"https:\/\/radiologia-senologia.ch\/wp-content\/uploads\/2022\/05\/CENTRO-DI-RADIOLOGIA-SENOLOGIA-TEAM.jpg\" alt class=\"lazyload img-responsive wp-image-2498\" srcset=\"data:image\/svg+xml,%3Csvg%20xmlns%3D%27http%3A%2F%2Fwww.w3.org%2F2000%2Fsvg%27%20width%3D%27400%27%20height%3D%27530%27%20viewBox%3D%270%200%20400%20530%27%3E%3Crect%20width%3D%27400%27%20height%3D%27530%27%20fill-opacity%3D%220%22%2F%3E%3C%2Fsvg%3E\" data-srcset=\"https:\/\/radiologia-senologia.ch\/wp-content\/uploads\/2022\/05\/CENTRO-DI-RADIOLOGIA-SENOLOGIA-TEAM-200x265.jpg 200w, https:\/\/radiologia-senologia.ch\/wp-content\/uploads\/2022\/05\/CENTRO-DI-RADIOLOGIA-SENOLOGIA-TEAM.jpg 400w\" data-sizes=\"auto\" data-orig-sizes=\"(max-width: 640px) 100vw, 400px\" \/><\/span><\/div><\/div><\/div><div class=\"fusion-layout-column fusion_builder_column fusion-builder-column-6 fusion_builder_column_2_3 2_3 fusion-flex-column fusion-flex-align-self-stretch\" style=\"--awb-bg-size:cover;--awb-width-large:66.666666666667%;--awb-margin-top-large:0px;--awb-spacing-right-large:2.88%;--awb-margin-bottom-large:20px;--awb-spacing-left-large:2.88%;--awb-width-medium:66.666666666667%;--awb-order-medium:0;--awb-spacing-right-medium:2.88%;--awb-spacing-left-medium:2.88%;--awb-width-small:100%;--awb-order-small:0;--awb-spacing-right-small:1.92%;--awb-spacing-left-small:1.92%;\"><div class=\"fusion-column-wrapper fusion-column-has-shadow fusion-flex-justify-content-center fusion-content-layout-column\"><div class=\"fusion-text fusion-text-3\" style=\"--awb-text-transform:none;\"><h2>Dr. med. Luca Saba<\/h2>\n<p>Dr. med. Luca Saba est un m\u00e9decin radiologue, il a obtenu son dipl\u00f4me de m\u00e9decine en chirurgie au Centre Hospitalier-Universitaire de Parme (Italie) en 2009 et s&rsquo;est sp\u00e9cialis\u00e9 en radiodiagnostic \u00e9galement \u00e0 Parme (Italie) en 2015. Il a obtenu un Master en Direction et Gestion des Entreprises de Sant\u00e9 (MADIMAS) en 2016 \u00e0 l&rsquo;Universit\u00e9 LUM Jean Monnet (Bari, Italie). Il a obtenu deux autres Dipl\u00f4mes de haute sp\u00e9cialisation respectivement en Radiologie Interventionnelle Oncologique en 2017 (Universit\u00e9 de Versailles-Yvelines, France) et en Radiologie Ost\u00e9oarticulaire en 2020 (Universit\u00e9 de Toulouse et Montpellier, France). Le Dr. med Saba a travaill\u00e9 de 2015 \u00e0 2017 au Centre R\u00e9gional d&rsquo;Oncologie de Normandie \u00ab\u00a0Centre Henri Becquerel\u00a0\u00bb \u00e0 Rouen (France), ainsi qu&rsquo;en collaboration avec le Centre Hospitalier Universitaire de Rouen dans le service d&rsquo;IRM digestive. Il a ensuite poursuivi son exp\u00e9rience professionnelle \u00e0 l&rsquo;H\u00f4pital Public de Toulon \u00ab\u00a0Sainte Musse\u00a0\u00bb en 2017. De 2018 \u00e0 2020, il travaille ensuite dans les prestigieuses cliniques priv\u00e9es du groupe ELSAN \u00ab\u00a0Centre Les Fleurs\u00a0\u00bb et \u00ab\u00a0Clinique du Cap D&rsquo;Or\u00a0\u00bb dans le d\u00e9partement de Toulon (France). De 2020 \u00e0 2021, il a travaill\u00e9 \u00e0 la Clinique \u00ab\u00a0Humanitas Mater Domini\u00a0\u00bb dans la province de Var\u00e8se (Italie).<\/p>\n<p>Depuis 2021, il travaille au Centro di Radiologia e Senologia Luganese.<\/p>\n<p>Il est auteur et co-auteur de 16 publications internationales recens\u00e9es sur Pubmed.<\/p>\n<\/div><div ><a class=\"fusion-button button-flat fusion-button-default-size button-default fusion-button-default button-3 fusion-button-default-span fusion-button-default-type\" target=\"_self\" href=\"https:\/\/radiologia-senologia.ch\/wp-content\/uploads\/2023\/02\/CV-Luca-Saba-corretto.pdf\"><span class=\"fusion-button-text\">Voir le cv <\/span><\/a><\/div><\/div><\/div><\/div><\/div><div class=\"fusion-fullwidth fullwidth-box fusion-builder-row-5 fusion-flex-container has-pattern-background has-mask-background nonhundred-percent-fullwidth non-hundred-percent-height-scrolling\" style=\"--awb-border-radius-top-left:0px;--awb-border-radius-top-right:0px;--awb-border-radius-bottom-right:0px;--awb-border-radius-bottom-left:0px;\" ><div class=\"fusion-builder-row fusion-row fusion-flex-align-items-flex-start\" style=\"max-width:1424.8px;margin-left: calc(-4% \/ 2 );margin-right: calc(-4% \/ 2 );\"><div class=\"fusion-layout-column fusion_builder_column fusion-builder-column-7 fusion_builder_column_1_3 1_3 fusion-flex-column\" style=\"--awb-bg-size:cover;--awb-width-large:33.333333333333%;--awb-margin-top-large:0px;--awb-spacing-right-large:5.76%;--awb-margin-bottom-large:20px;--awb-spacing-left-large:5.76%;--awb-width-medium:33.333333333333%;--awb-order-medium:0;--awb-spacing-right-medium:5.76%;--awb-spacing-left-medium:5.76%;--awb-width-small:100%;--awb-order-small:0;--awb-spacing-right-small:1.92%;--awb-spacing-left-small:1.92%;\"><div class=\"fusion-column-wrapper fusion-column-has-shadow fusion-flex-justify-content-flex-start fusion-content-layout-column\"><div class=\"fusion-image-element \" style=\"--awb-caption-title-size:var(--h2_typography-font-size);--awb-caption-title-transform:var(--h2_typography-text-transform);--awb-caption-title-line-height:var(--h2_typography-line-height);--awb-caption-title-letter-spacing:var(--h2_typography-letter-spacing);\"><span class=\" fusion-imageframe imageframe-none imageframe-4 hover-type-none\"><img decoding=\"async\" width=\"300\" height=\"300\" title=\"foto Katia\" src=\"https:\/\/radiologia-senologia.ch\/wp-content\/uploads\/2024\/03\/foto-Katia.jpg\" data-orig-src=\"https:\/\/radiologia-senologia.ch\/wp-content\/uploads\/2024\/03\/foto-Katia-300x300.jpg\" alt class=\"lazyload img-responsive wp-image-2565\" srcset=\"data:image\/svg+xml,%3Csvg%20xmlns%3D%27http%3A%2F%2Fwww.w3.org%2F2000%2Fsvg%27%20width%3D%27419%27%20height%3D%27420%27%20viewBox%3D%270%200%20419%20420%27%3E%3Crect%20width%3D%27419%27%20height%3D%27420%27%20fill-opacity%3D%220%22%2F%3E%3C%2Fsvg%3E\" data-srcset=\"https:\/\/radiologia-senologia.ch\/wp-content\/uploads\/2024\/03\/foto-Katia-200x200.jpg 200w, https:\/\/radiologia-senologia.ch\/wp-content\/uploads\/2024\/03\/foto-Katia-400x401.jpg 400w, https:\/\/radiologia-senologia.ch\/wp-content\/uploads\/2024\/03\/foto-Katia.jpg 419w\" data-sizes=\"auto\" data-orig-sizes=\"(max-width: 640px) 100vw, 300px\" \/><\/span><\/div><\/div><\/div><div class=\"fusion-layout-column fusion_builder_column fusion-builder-column-8 fusion_builder_column_2_3 2_3 fusion-flex-column\" style=\"--awb-bg-size:cover;--awb-width-large:66.666666666667%;--awb-margin-top-large:0px;--awb-spacing-right-large:2.88%;--awb-margin-bottom-large:20px;--awb-spacing-left-large:2.88%;--awb-width-medium:66.666666666667%;--awb-order-medium:0;--awb-spacing-right-medium:2.88%;--awb-spacing-left-medium:2.88%;--awb-width-small:100%;--awb-order-small:0;--awb-spacing-right-small:1.92%;--awb-spacing-left-small:1.92%;\"><div class=\"fusion-column-wrapper fusion-column-has-shadow fusion-flex-justify-content-flex-start fusion-content-layout-column\"><div class=\"fusion-text fusion-text-4\"><h2>Dr.ssa med.\u00a0 Katia Piccotti<\/h2>\n<p>Le docteur Katia Piccotti a obtenu son dipl\u00f4me en Medicine et Chirurgie et sa sp\u00e9cialisation en Imagerie M\u00e9dicale \u00e0 l\u2019Universit\u00e9 \u00ab\u00a0La Sapienza\u00a0\u00bb de Rome, respectivement en 2008 et 2014.<\/p>\n<p>Elle a travaill\u00e9 en tant qu\u2019assistante au sein des diff\u00e9rents h\u00f4pitaux, dont l\u2019h\u00f4pital p\u00e9diatrique \u00ab\u00a0Bambino Ges\u00f9\u00a0\u00bb de Rome et l\u2019h\u00f4pital \u00ab\u00a0Val d\u2019Hebron\u00a0\u00bb de Barcelone.<\/p>\n<p>Elle a acquis une vaste exp\u00e9rience en tant que M\u00e9decin Radiologue, se consacrant notamment \u00e0 la S\u00e9nologie Diagnostique et Interventionnelle, travaillant de 2014 \u00e0 2018 au Centre de Diagnostic pour l\u2019Imatge et pour la Clinique Corachan de Barcelone (Espagne) et ensuite de 2018 \u00e0 f\u00e9vrier 2024 dans la prestigieuse clinique Rotger de Palma de Majorque (Espagne).<\/p>\n<p>Depuis mars 2024, elle travaille au Centro di Radiologia e Senologia Luganese; elle est accr\u00e9dit\u00e9e pour le programme de D\u00e9pistage Mammographique du Canton du Tessin.<\/p>\n<p>Elle a particip\u00e9 \u00e0 de nombreux cours et congr\u00e8s internationaux ; auteur de nombreuses publications internationales.<\/p>\n<\/div><div ><a class=\"fusion-button button-flat fusion-button-default-size button-default fusion-button-default button-4 fusion-button-default-span fusion-button-default-type\" target=\"_blank\" rel=\"noopener noreferrer\" href=\"https:\/\/radiologia-senologia.ch\/wp-content\/uploads\/2024\/03\/cv-piccotti-mod-SUPERFINALE-1.pdf\"><span class=\"fusion-button-text\">Voir le cv <\/span><\/a><\/div><\/div><\/div><\/div><\/div><\/p>\n","protected":false},"excerpt":{"rendered":"","protected":false},"author":1,"featured_media":2494,"parent":0,"menu_order":0,"comment_status":"closed","ping_status":"closed","template":"100-width.php","meta":{"footnotes":""},"class_list":["post-2492","page","type-page","status-publish","has-post-thumbnail","hentry"],"_links":{"self":[{"href":"https:\/\/radiologia-senologia.ch\/fr\/wp-json\/wp\/v2\/pages\/2492","targetHints":{"allow":["GET"]}}],"collection":[{"href":"https:\/\/radiologia-senologia.ch\/fr\/wp-json\/wp\/v2\/pages"}],"about":[{"href":"https:\/\/radiologia-senologia.ch\/fr\/wp-json\/wp\/v2\/types\/page"}],"author":[{"embeddable":true,"href":"https:\/\/radiologia-senologia.ch\/fr\/wp-json\/wp\/v2\/users\/1"}],"replies":[{"embeddable":true,"href":"https:\/\/radiologia-senologia.ch\/fr\/wp-json\/wp\/v2\/comments?post=2492"}],"version-history":[{"count":5,"href":"https:\/\/radiologia-senologia.ch\/fr\/wp-json\/wp\/v2\/pages\/2492\/revisions"}],"predecessor-version":[{"id":2606,"href":"https:\/\/radiologia-senologia.ch\/fr\/wp-json\/wp\/v2\/pages\/2492\/revisions\/2606"}],"wp:featuredmedia":[{"embeddable":true,"href":"https:\/\/radiologia-senologia.ch\/fr\/wp-json\/wp\/v2\/media\/2494"}],"wp:attachment":[{"href":"https:\/\/radiologia-senologia.ch\/fr\/wp-json\/wp\/v2\/media?parent=2492"}],"curies":[{"name":"wp","href":"https:\/\/api.w.org\/{rel}","templated":true}]}}