{"id":2368,"date":"2020-06-10T17:25:04","date_gmt":"2020-06-10T17:25:04","guid":{"rendered":"http:\/\/radiologia-senologia.ch\/team\/"},"modified":"2026-02-04T09:54:09","modified_gmt":"2026-02-04T09:54:09","slug":"team","status":"publish","type":"page","link":"https:\/\/radiologia-senologia.ch\/de\/team\/","title":{"rendered":"Team"},"content":{"rendered":"<p><div class=\"fusion-fullwidth fullwidth-box fusion-builder-row-1 fusion-flex-container nonhundred-percent-fullwidth non-hundred-percent-height-scrolling\" style=\"--awb-border-radius-top-left:0px;--awb-border-radius-top-right:0px;--awb-border-radius-bottom-right:0px;--awb-border-radius-bottom-left:0px;--awb-padding-right-small:35px;--awb-padding-left-small:35px;--awb-margin-top:0px;--awb-margin-bottom:130px;--awb-margin-bottom-medium:40px;--awb-margin-top-small:35px;--awb-margin-bottom-small:0px;\" ><div class=\"fusion-builder-row fusion-row fusion-flex-align-items-stretch\" style=\"max-width:calc( 1370px + 60px );margin-left: calc(-60px \/ 2 );margin-right: calc(-60px \/ 2 );\"><div class=\"fusion-layout-column fusion_builder_column fusion-builder-column-0 fusion_builder_column_1_1 1_1 fusion-flex-column\" style=\"--awb-bg-size:cover;--awb-width-large:100%;--awb-margin-top-large:0px;--awb-spacing-right-large:30px;--awb-margin-bottom-large:20px;--awb-spacing-left-large:30px;--awb-width-medium:100%;--awb-order-medium:0;--awb-spacing-right-medium:30px;--awb-spacing-left-medium:30px;--awb-width-small:100%;--awb-order-small:0;--awb-spacing-right-small:30px;--awb-spacing-left-small:30px;\"><div class=\"fusion-column-wrapper fusion-column-has-shadow fusion-flex-justify-content-flex-start fusion-content-layout-column\">\n<div class=\"fusion-slider-revolution rev_slider_wrapper\">\t\t\t<!-- START TEAM DE REVOLUTION SLIDER 6.6.8 --><p class=\"rs-p-wp-fix\"><\/p>\n\t\t\t<rs-module-wrap id=\"rev_slider_20_1_wrapper\" data-source=\"gallery\" style=\"visibility:hidden;background:transparent;padding:0;margin:0px auto;margin-top:0;margin-bottom:0;\">\n\t\t\t\t<rs-module id=\"rev_slider_20_1\" style=\"\" data-version=\"6.6.8\">\n\t\t\t\t\t<rs-slides style=\"overflow: hidden; position: absolute;\">\n\t\t\t\t\t\t<rs-slide style=\"position: absolute;\" data-key=\"rs-55\" data-title=\"tomografia\" data-anim=\"adpr:false;\" data-in=\"o:0;\" data-out=\"a:false;\">\n\t\t\t\t\t\t\t<img decoding=\"async\" src=\"\/\/radiologia-senologia.ch\/wp-content\/plugins\/revslider\/public\/assets\/assets\/dummy.png\" alt=\"\" title=\"RADIOLOGIA-SENOLOGIA-CONTATTI-centro\" width=\"1386\" height=\"1080\" class=\"rev-slidebg tp-rs-img rs-lazyload\" data-lazyload=\"\/\/radiologia-senologia.ch\/wp-content\/uploads\/2022\/07\/RADIOLOGIA-SENOLOGIA-CONTATTI-centro.jpg\" data-no-retina>\n<!--\n\t\t\t\t\t\t\t--><rs-layer\n\t\t\t\t\t\t\t\tid=\"slider-20-slide-55-layer-0\" \n\t\t\t\t\t\t\t\tdata-type=\"text\"\n\t\t\t\t\t\t\t\tdata-rsp_ch=\"on\"\n\t\t\t\t\t\t\t\tdata-xy=\"x:c;xo:480px,480px,0,0;y:b,b,m,m;yo:181px,181px,-40px,-40px;\"\n\t\t\t\t\t\t\t\tdata-text=\"w:normal;s:52,52,43,38;l:45,45,37,35;fw:700;a:center;\"\n\t\t\t\t\t\t\t\tdata-frame_999=\"o:0;st:w;\"\n\t\t\t\t\t\t\t\tstyle=\"z-index:10;font-family:'Sen';\"\n\t\t\t\t\t\t\t>Unser Team \n\t\t\t\t\t\t\t<\/rs-layer><!--\n\n\t\t\t\t\t\t\t--><rs-layer\n\t\t\t\t\t\t\t\tid=\"slider-20-slide-55-layer-1\" \n\t\t\t\t\t\t\t\tdata-type=\"shape\"\n\t\t\t\t\t\t\t\tdata-rsp_ch=\"on\"\n\t\t\t\t\t\t\t\tdata-xy=\"x:c;xo:480px,480px,0,0;y:t,t,m,m;yo:441px,441px,0,0;\"\n\t\t\t\t\t\t\t\tdata-text=\"w:normal;s:20,20,8,4;l:0,0,10,6;\"\n\t\t\t\t\t\t\t\tdata-dim=\"w:781px,781px,743px,741px;h:180px,180px,169px,168px;\"\n\t\t\t\t\t\t\t\tdata-frame_0=\"x:0,0,0px,0px;y:0,0,0px,0px;\"\n\t\t\t\t\t\t\t\tdata-frame_1=\"x:0,0,0px,0px;y:0,0,0px,0px;\"\n\t\t\t\t\t\t\t\tdata-frame_999=\"o:0;st:w;\"\n\t\t\t\t\t\t\t\tstyle=\"z-index:8;background-color:rgba(0,0,0,0.5);\"\n\t\t\t\t\t\t\t> \n\t\t\t\t\t\t\t<\/rs-layer><!--\n\n\t\t\t\t\t\t\t--><rs-layer\n\t\t\t\t\t\t\t\tid=\"slider-20-slide-55-layer-2\" \n\t\t\t\t\t\t\t\tdata-type=\"text\"\n\t\t\t\t\t\t\t\tdata-rsp_ch=\"on\"\n\t\t\t\t\t\t\t\tdata-xy=\"x:c;xo:469px,469px,0,0;y:b,b,m,m;yo:102px,102px,30px,30px;\"\n\t\t\t\t\t\t\t\tdata-text=\"w:normal;s:25;l:31,31,30,29;a:center;\"\n\t\t\t\t\t\t\t\tdata-dim=\"w:619px,619px,635px,417px;\"\n\t\t\t\t\t\t\t\tdata-frame_999=\"o:0;st:w;\"\n\t\t\t\t\t\t\t\tstyle=\"z-index:9;font-family:'Roboto';\"\n\t\t\t\t\t\t\t>Unsere Fach\u00e4rzte f\u00fcr Senologie und Radiologie \n\t\t\t\t\t\t\t<\/rs-layer><!--\n\n\t\t\t\t\t\t\t--><rs-layer\n\t\t\t\t\t\t\t\tid=\"slider-20-slide-55-layer-3\" \n\t\t\t\t\t\t\t\tdata-type=\"shape\"\n\t\t\t\t\t\t\t\tdata-rsp_ch=\"on\"\n\t\t\t\t\t\t\t\tdata-xy=\"x:c;y:b;\"\n\t\t\t\t\t\t\t\tdata-text=\"w:normal;s:20,20,8,4;l:0,0,10,6;\"\n\t\t\t\t\t\t\t\tdata-dim=\"w:1940px,1940px,786px,484px;h:11px,11px,4px,2px;\"\n\t\t\t\t\t\t\t\tdata-frame_999=\"o:0;st:w;\"\n\t\t\t\t\t\t\t\tstyle=\"z-index:11;background-color:#bc2420;\"\n\t\t\t\t\t\t\t> \n\t\t\t\t\t\t\t<\/rs-layer><!--\n-->\t\t\t\t\t\t<\/rs-slide>\n\t\t\t\t\t<\/rs-slides>\n\t\t\t\t\t<rs-static-layers><!--\n\t\t\t\t\t--><\/rs-static-layers>\n\t\t\t\t<\/rs-module>\n\t\t\t\t<script>\n\t\t\t\t\tsetREVStartSize({c: 'rev_slider_20_1',rl:[1240,1024,778,480],el:[700,700,700,700],gw:[1920,1920,778,480],gh:[700,700,700,700],type:'standard',justify:'',layout:'fullwidth',mh:\"0\"});if (window.RS_MODULES!==undefined && window.RS_MODULES.modules!==undefined && window.RS_MODULES.modules[\"revslider201\"]!==undefined) {window.RS_MODULES.modules[\"revslider201\"].once = false;window.revapi20 = undefined;if (window.RS_MODULES.checkMinimal!==undefined) window.RS_MODULES.checkMinimal()}\n\t\t\t\t<\/script>\n\t\t\t<\/rs-module-wrap>\n\t\t\t<!-- END REVOLUTION SLIDER -->\n<\/div><\/div><\/div><\/div><\/div><div class=\"fusion-fullwidth fullwidth-box fusion-builder-row-2 fusion-flex-container nonhundred-percent-fullwidth non-hundred-percent-height-scrolling\" style=\"--awb-border-radius-top-left:0px;--awb-border-radius-top-right:0px;--awb-border-radius-bottom-right:0px;--awb-border-radius-bottom-left:0px;\" ><div class=\"fusion-builder-row fusion-row fusion-flex-align-items-stretch\" style=\"max-width:1424.8px;margin-left: calc(-4% \/ 2 );margin-right: calc(-4% \/ 2 );\"><div class=\"fusion-layout-column fusion_builder_column fusion-builder-column-1 fusion_builder_column_1_3 1_3 fusion-flex-column fusion-flex-align-self-stretch\" style=\"--awb-bg-size:cover;--awb-width-large:33.333333333333%;--awb-margin-top-large:0px;--awb-spacing-right-large:5.76%;--awb-margin-bottom-large:20px;--awb-spacing-left-large:5.76%;--awb-width-medium:33.333333333333%;--awb-order-medium:0;--awb-spacing-right-medium:5.76%;--awb-spacing-left-medium:5.76%;--awb-width-small:100%;--awb-order-small:0;--awb-spacing-right-small:1.92%;--awb-spacing-left-small:1.92%;\"><div class=\"fusion-column-wrapper fusion-column-has-shadow fusion-flex-justify-content-flex-start fusion-content-layout-column\"><div class=\"fusion-image-element \" style=\"--awb-caption-title-size:var(--h2_typography-font-size);--awb-caption-title-transform:var(--h2_typography-text-transform);--awb-caption-title-line-height:var(--h2_typography-line-height);--awb-caption-title-letter-spacing:var(--h2_typography-letter-spacing);\"><span class=\" fusion-imageframe imageframe-none imageframe-1 hover-type-none\"><img decoding=\"async\" width=\"400\" height=\"530\" title=\"CENTRO-DI-RADIOLOGIA-SENOLOGIA-Gert-Kampmann\" src=\"https:\/\/radiologia-senologia.ch\/wp-content\/uploads\/2022\/05\/CENTRO-DI-RADIOLOGIA-SENOLOGIA-Gert-Kampmann.jpg\" data-orig-src=\"https:\/\/www.radiologia-senologia.ch\/wp-content\/uploads\/2022\/05\/CENTRO-DI-RADIOLOGIA-SENOLOGIA-Gert-Kampmann.jpg\" alt class=\"lazyload img-responsive wp-image-2111\" srcset=\"data:image\/svg+xml,%3Csvg%20xmlns%3D%27http%3A%2F%2Fwww.w3.org%2F2000%2Fsvg%27%20width%3D%27400%27%20height%3D%27530%27%20viewBox%3D%270%200%20400%20530%27%3E%3Crect%20width%3D%27400%27%20height%3D%27530%27%20fill-opacity%3D%220%22%2F%3E%3C%2Fsvg%3E\" data-srcset=\"https:\/\/radiologia-senologia.ch\/wp-content\/uploads\/2022\/05\/CENTRO-DI-RADIOLOGIA-SENOLOGIA-Gert-Kampmann-200x265.jpg 200w, https:\/\/radiologia-senologia.ch\/wp-content\/uploads\/2022\/05\/CENTRO-DI-RADIOLOGIA-SENOLOGIA-Gert-Kampmann.jpg 400w\" data-sizes=\"auto\" data-orig-sizes=\"(max-width: 640px) 100vw, 400px\" \/><\/span><\/div><\/div><\/div><div class=\"fusion-layout-column fusion_builder_column fusion-builder-column-2 fusion_builder_column_2_3 2_3 fusion-flex-column fusion-flex-align-self-stretch\" style=\"--awb-bg-size:cover;--awb-width-large:66.666666666667%;--awb-margin-top-large:0px;--awb-spacing-right-large:2.88%;--awb-margin-bottom-large:20px;--awb-spacing-left-large:2.88%;--awb-width-medium:66.666666666667%;--awb-order-medium:0;--awb-spacing-right-medium:2.88%;--awb-spacing-left-medium:2.88%;--awb-width-small:100%;--awb-order-small:0;--awb-spacing-right-small:1.92%;--awb-spacing-left-small:1.92%;\"><div class=\"fusion-column-wrapper fusion-column-has-shadow fusion-flex-justify-content-center fusion-content-layout-column\"><div class=\"fusion-text fusion-text-1\" style=\"--awb-text-transform:none;\"><h2>Dr. med. Gert Kampmann<\/h2>\n<p>Dr. med. Kampmann wurde in Bardenberg, Deutschland, geboren. Nach dem Besuch der Grundschule und des Gymnasiums in Bonn und Dortmund leistete Dr. Kampmann ein Jahr Milit\u00e4rdienst im Sanit\u00e4tskorps und Milit\u00e4rhospital. Danach zog er nach Rom, wo er von 1979 bis 1980 italienische Sprache und Kultur studierte und sich anschlie\u00dfend an der medizinischen Fakult\u00e4t der Universit\u00e4t Rom einschrieb (1980-1983). Nach seiner R\u00fcckkehr nach Deutschland besuchte er von 1983 bis 1987 die Freie Universit\u00e4t Berlin und legte 1987 sein Staatsexamen ab.<\/p>\n<\/div><div ><a class=\"fusion-button button-flat fusion-button-default-size button-default fusion-button-default button-1 fusion-button-default-span fusion-button-default-type\" target=\"_blank\" rel=\"noopener noreferrer\" href=\"https:\/\/www.radiologia-senologia.ch\/wp-content\/uploads\/2022\/07\/2018_Cv_-Dr.-Gert-Kampmann.pdf\"><span class=\"fusion-button-text\">Lebenslauf ansehen<\/span><\/a><\/div><\/div><\/div><\/div><\/div><div class=\"fusion-fullwidth fullwidth-box fusion-builder-row-3 fusion-flex-container nonhundred-percent-fullwidth non-hundred-percent-height-scrolling\" style=\"--awb-border-radius-top-left:0px;--awb-border-radius-top-right:0px;--awb-border-radius-bottom-right:0px;--awb-border-radius-bottom-left:0px;\" ><div class=\"fusion-builder-row fusion-row fusion-flex-align-items-stretch\" style=\"max-width:1424.8px;margin-left: calc(-4% \/ 2 );margin-right: calc(-4% \/ 2 );\"><div class=\"fusion-layout-column fusion_builder_column fusion-builder-column-3 fusion_builder_column_1_3 1_3 fusion-flex-column fusion-flex-align-self-stretch\" style=\"--awb-bg-size:cover;--awb-width-large:33.333333333333%;--awb-margin-top-large:0px;--awb-spacing-right-large:5.76%;--awb-margin-bottom-large:20px;--awb-spacing-left-large:5.76%;--awb-width-medium:33.333333333333%;--awb-order-medium:0;--awb-spacing-right-medium:5.76%;--awb-spacing-left-medium:5.76%;--awb-width-small:100%;--awb-order-small:0;--awb-spacing-right-small:1.92%;--awb-spacing-left-small:1.92%;\"><div class=\"fusion-column-wrapper fusion-column-has-shadow fusion-flex-justify-content-flex-start fusion-content-layout-column\"><div class=\"fusion-image-element \" style=\"--awb-caption-title-size:var(--h2_typography-font-size);--awb-caption-title-transform:var(--h2_typography-text-transform);--awb-caption-title-line-height:var(--h2_typography-line-height);--awb-caption-title-letter-spacing:var(--h2_typography-letter-spacing);\"><span class=\" fusion-imageframe imageframe-none imageframe-2 hover-type-none\"><img decoding=\"async\" width=\"400\" height=\"530\" title=\"CENTRO-DI-RADIOLOGIA-SENOLOGIA-Manuel-Kampman\" src=\"https:\/\/radiologia-senologia.ch\/wp-content\/uploads\/2022\/05\/CENTRO-DI-RADIOLOGIA-SENOLOGIA-Manuel-Kampman.jpg\" data-orig-src=\"https:\/\/www.radiologia-senologia.ch\/wp-content\/uploads\/2022\/05\/CENTRO-DI-RADIOLOGIA-SENOLOGIA-Manuel-Kampman.jpg\" alt class=\"lazyload img-responsive wp-image-2109\" srcset=\"data:image\/svg+xml,%3Csvg%20xmlns%3D%27http%3A%2F%2Fwww.w3.org%2F2000%2Fsvg%27%20width%3D%27400%27%20height%3D%27530%27%20viewBox%3D%270%200%20400%20530%27%3E%3Crect%20width%3D%27400%27%20height%3D%27530%27%20fill-opacity%3D%220%22%2F%3E%3C%2Fsvg%3E\" data-srcset=\"https:\/\/radiologia-senologia.ch\/wp-content\/uploads\/2022\/05\/CENTRO-DI-RADIOLOGIA-SENOLOGIA-Manuel-Kampman-200x265.jpg 200w, https:\/\/radiologia-senologia.ch\/wp-content\/uploads\/2022\/05\/CENTRO-DI-RADIOLOGIA-SENOLOGIA-Manuel-Kampman.jpg 400w\" data-sizes=\"auto\" data-orig-sizes=\"(max-width: 640px) 100vw, 400px\" \/><\/span><\/div><\/div><\/div><div class=\"fusion-layout-column fusion_builder_column fusion-builder-column-4 fusion_builder_column_2_3 2_3 fusion-flex-column fusion-flex-align-self-stretch\" style=\"--awb-bg-size:cover;--awb-width-large:66.666666666667%;--awb-margin-top-large:0px;--awb-spacing-right-large:2.88%;--awb-margin-bottom-large:20px;--awb-spacing-left-large:2.88%;--awb-width-medium:66.666666666667%;--awb-order-medium:0;--awb-spacing-right-medium:2.88%;--awb-spacing-left-medium:2.88%;--awb-width-small:100%;--awb-order-small:0;--awb-spacing-right-small:1.92%;--awb-spacing-left-small:1.92%;\"><div class=\"fusion-column-wrapper fusion-column-has-shadow fusion-flex-justify-content-center fusion-content-layout-column\"><div class=\"fusion-text fusion-text-2\" style=\"--awb-text-transform:none;\"><h2>Dr. med. Manuel Kampmann<\/h2>\n<p>Dr. med. Manuel Kampmann ist ein Deutschschweizer Facharzt f\u00fcr Radiologie, der 2009 sein Medizinstudium an der Universit\u00e4t Basel abgeschlossen hat. Von 2010 bis 2013 absolvierte er eine Assistenzarztausbildung am Institut f\u00fcr Radiologie der Kantonsspital Aarau AG und war anschliessend von 2013 bis 2014 als Oberarzt in der gleichen Abteilung t\u00e4tig. Im Jahr 2015 erwarb er den Facharzt f\u00fcr Radiologie (FMH) und absolvierte von 2014 bis 2015 zus\u00e4tzlich ein Fellowship in Muskuloskelettaler Radiologie an der Klinik f\u00fcr Radiologie und Nuklearmedizin Universit\u00e4tsspital Basel.<\/p>\n<p>Von 2015 bis 2020 war Dr. Kampmann Leiter der Abteilung f\u00fcr muskuloskelettale Radiologie und Oberarzt am Institut f\u00fcr Radiologie des Kantonsspitals Aarau AG. Er ist zudem zertifizierter Muskuloskelettaler Radiologe Step 2 und besitzt das European Diploma in Breast Imaging (EDBI) der European Society of Breast Imaging (EUSOBI). Zudem war er Mitglied des Endoprothetik-Zentrums Kantonsspital Aarau Baden und stellvertretender Leiter der Abteilung Senoradiologie am Brustzentrum des Kantonsspitals Aarau AG.<\/p>\n<p>Seit 2020 arbeitet er als Radiologe am Zentrum f\u00fcr Radiologie und Senologie in Lugano und ist Mitglied des Mammographie-Screening-Programms des Kantons Tessin.<\/p>\n<p>Dr. Kampmann ist Mitautor von Ver\u00f6ffentlichungen zu verschiedenen Themen, darunter Plantarfasziitis im Sport und p16-Expression beim Oropharynxkarzinom.<\/p>\n<\/div><div ><a class=\"fusion-button button-flat fusion-button-default-size button-default fusion-button-default button-2 fusion-button-default-span fusion-button-default-type\" target=\"_blank\" rel=\"noopener noreferrer\" href=\"https:\/\/radiologia-senologia.ch\/wp-content\/uploads\/2024\/03\/CV-manuel-ITA-X-SITO.pdf\"><span class=\"fusion-button-text\">Lebenslauf ansehen<\/span><\/a><\/div><\/div><\/div><\/div><\/div><div class=\"fusion-fullwidth fullwidth-box fusion-builder-row-4 fusion-flex-container nonhundred-percent-fullwidth non-hundred-percent-height-scrolling\" style=\"--awb-border-radius-top-left:0px;--awb-border-radius-top-right:0px;--awb-border-radius-bottom-right:0px;--awb-border-radius-bottom-left:0px;\" ><div class=\"fusion-builder-row fusion-row fusion-flex-align-items-stretch\" style=\"max-width:1424.8px;margin-left: calc(-4% \/ 2 );margin-right: calc(-4% \/ 2 );\"><div class=\"fusion-layout-column fusion_builder_column fusion-builder-column-5 fusion_builder_column_1_3 1_3 fusion-flex-column fusion-flex-align-self-stretch\" style=\"--awb-bg-size:cover;--awb-width-large:33.333333333333%;--awb-margin-top-large:0px;--awb-spacing-right-large:5.76%;--awb-margin-bottom-large:20px;--awb-spacing-left-large:5.76%;--awb-width-medium:33.333333333333%;--awb-order-medium:0;--awb-spacing-right-medium:5.76%;--awb-spacing-left-medium:5.76%;--awb-width-small:100%;--awb-order-small:0;--awb-spacing-right-small:1.92%;--awb-spacing-left-small:1.92%;\"><div class=\"fusion-column-wrapper fusion-column-has-shadow fusion-flex-justify-content-flex-start fusion-content-layout-column\"><div class=\"fusion-image-element \" style=\"--awb-caption-title-size:var(--h2_typography-font-size);--awb-caption-title-transform:var(--h2_typography-text-transform);--awb-caption-title-line-height:var(--h2_typography-line-height);--awb-caption-title-letter-spacing:var(--h2_typography-letter-spacing);\"><span class=\" fusion-imageframe imageframe-none imageframe-3 hover-type-none\"><img decoding=\"async\" width=\"400\" height=\"530\" title=\"CENTRO-DI-RADIOLOGIA-SENOLOGIA-TEAM\" src=\"https:\/\/radiologia-senologia.ch\/wp-content\/uploads\/2022\/05\/CENTRO-DI-RADIOLOGIA-SENOLOGIA-TEAM.jpg\" data-orig-src=\"https:\/\/radiologia-senologia.ch\/wp-content\/uploads\/2022\/05\/CENTRO-DI-RADIOLOGIA-SENOLOGIA-TEAM.jpg\" alt class=\"lazyload img-responsive wp-image-2113\" srcset=\"data:image\/svg+xml,%3Csvg%20xmlns%3D%27http%3A%2F%2Fwww.w3.org%2F2000%2Fsvg%27%20width%3D%27400%27%20height%3D%27530%27%20viewBox%3D%270%200%20400%20530%27%3E%3Crect%20width%3D%27400%27%20height%3D%27530%27%20fill-opacity%3D%220%22%2F%3E%3C%2Fsvg%3E\" data-srcset=\"https:\/\/radiologia-senologia.ch\/wp-content\/uploads\/2022\/05\/CENTRO-DI-RADIOLOGIA-SENOLOGIA-TEAM-200x265.jpg 200w, https:\/\/radiologia-senologia.ch\/wp-content\/uploads\/2022\/05\/CENTRO-DI-RADIOLOGIA-SENOLOGIA-TEAM.jpg 400w\" data-sizes=\"auto\" data-orig-sizes=\"(max-width: 640px) 100vw, 400px\" \/><\/span><\/div><\/div><\/div><div class=\"fusion-layout-column fusion_builder_column fusion-builder-column-6 fusion_builder_column_2_3 2_3 fusion-flex-column fusion-flex-align-self-stretch\" style=\"--awb-bg-size:cover;--awb-width-large:66.666666666667%;--awb-margin-top-large:0px;--awb-spacing-right-large:2.88%;--awb-margin-bottom-large:20px;--awb-spacing-left-large:2.88%;--awb-width-medium:66.666666666667%;--awb-order-medium:0;--awb-spacing-right-medium:2.88%;--awb-spacing-left-medium:2.88%;--awb-width-small:100%;--awb-order-small:0;--awb-spacing-right-small:1.92%;--awb-spacing-left-small:1.92%;\"><div class=\"fusion-column-wrapper fusion-column-has-shadow fusion-flex-justify-content-center fusion-content-layout-column\"><div class=\"fusion-text fusion-text-3\" style=\"--awb-text-transform:none;\"><h2>Dr. med. Luca Saba<\/h2>\n<p>Dr. med. Luca Saba ist Radiologe. Er schloss 2009 sein Medizinstudium an der Universit\u00e4t Parma (Italien) ab und spezialisierte sich 2015 auf Radiodiagnostik, ebenfalls in Parma (Italien). Im Jahr 2016 erwarb er an der Universit\u00e4t LUM Jean Monnet (Bari, Italien) einen Master in Direktion und Management von Gesundheitsunternehmen (MADIMAS) und erwarb 2017 ein Diplom in onkologischer interventioneller Radiologie (Universit\u00e4t Versailles-Yvelines, Frankreich) sowie 2020 in Muskuloskelettaler Radiologie (Universit\u00e4t Toulouse und Montpellier, Frankreich). Dr. med Saba arbeitete von 2015 bis 2017 am Regionalen Onkologiezentrum der Normandie &#8222;Centre Henri Becquerel&#8220; in Rouen (Frankreich) und arbeitete mit dem Universit\u00e4tskrankenhaus von Rouen im Bereich der MRT des Verdauungstrakts zusammen. 2017 setzte er seine Arbeitserfahrung am \u00f6ffentlichen Krankenhaus von Toulon &#8222;Sainte Musse&#8220; fort. Von 2018 bis 2020 arbeitete er dann in den renommierten Privatkliniken der ELSAN-Gruppe &#8222;Centre Les Fleurs&#8220; und &#8222;Clinique du Cap D&#8217;Or&#8220; im Departement Toulon (Frankreich). Von 2020 bis 2021 arbeitete er im Institut Humanitas Mater Domini in der Provinz Varese (Italien).<\/p>\n<p>Seit 2021 arbeitet er im Centro di Radiologia e Senologie Luganese<\/p>\n<p>Er ist Autor und Mitautor von 16 internationalen Ver\u00f6ffentlichungen.<\/p>\n<\/div><div ><a class=\"fusion-button button-flat fusion-button-default-size button-default fusion-button-default button-3 fusion-button-default-span fusion-button-default-type\" target=\"_blank\" rel=\"noopener noreferrer\" href=\"https:\/\/radiologia-senologia.ch\/wp-content\/uploads\/2024\/02\/CV.pdf\"><span class=\"fusion-button-text\">Lebenslauf ansehen<\/span><\/a><\/div><\/div><\/div><\/div><\/div><div class=\"fusion-fullwidth fullwidth-box fusion-builder-row-5 fusion-flex-container has-pattern-background has-mask-background nonhundred-percent-fullwidth non-hundred-percent-height-scrolling\" style=\"--awb-border-radius-top-left:0px;--awb-border-radius-top-right:0px;--awb-border-radius-bottom-right:0px;--awb-border-radius-bottom-left:0px;\" ><div class=\"fusion-builder-row fusion-row fusion-flex-align-items-flex-start\" style=\"max-width:1424.8px;margin-left: calc(-4% \/ 2 );margin-right: calc(-4% \/ 2 );\"><div class=\"fusion-layout-column fusion_builder_column fusion-builder-column-7 fusion_builder_column_1_3 1_3 fusion-flex-column\" style=\"--awb-bg-size:cover;--awb-width-large:33.333333333333%;--awb-margin-top-large:0px;--awb-spacing-right-large:5.76%;--awb-margin-bottom-large:20px;--awb-spacing-left-large:5.76%;--awb-width-medium:33.333333333333%;--awb-order-medium:0;--awb-spacing-right-medium:5.76%;--awb-spacing-left-medium:5.76%;--awb-width-small:100%;--awb-order-small:0;--awb-spacing-right-small:1.92%;--awb-spacing-left-small:1.92%;\"><div class=\"fusion-column-wrapper fusion-column-has-shadow fusion-flex-justify-content-flex-start fusion-content-layout-column\"><div class=\"fusion-image-element \" style=\"--awb-caption-title-size:var(--h2_typography-font-size);--awb-caption-title-transform:var(--h2_typography-text-transform);--awb-caption-title-line-height:var(--h2_typography-line-height);--awb-caption-title-letter-spacing:var(--h2_typography-letter-spacing);\"><span class=\" fusion-imageframe imageframe-none imageframe-4 hover-type-none\"><img decoding=\"async\" width=\"300\" height=\"300\" title=\"foto Katia\" src=\"https:\/\/radiologia-senologia.ch\/wp-content\/uploads\/2024\/03\/foto-Katia.jpg\" data-orig-src=\"https:\/\/radiologia-senologia.ch\/wp-content\/uploads\/2024\/03\/foto-Katia-300x300.jpg\" alt class=\"lazyload img-responsive wp-image-2566\" srcset=\"data:image\/svg+xml,%3Csvg%20xmlns%3D%27http%3A%2F%2Fwww.w3.org%2F2000%2Fsvg%27%20width%3D%27419%27%20height%3D%27420%27%20viewBox%3D%270%200%20419%20420%27%3E%3Crect%20width%3D%27419%27%20height%3D%27420%27%20fill-opacity%3D%220%22%2F%3E%3C%2Fsvg%3E\" data-srcset=\"https:\/\/radiologia-senologia.ch\/wp-content\/uploads\/2024\/03\/foto-Katia-200x200.jpg 200w, https:\/\/radiologia-senologia.ch\/wp-content\/uploads\/2024\/03\/foto-Katia-400x401.jpg 400w, https:\/\/radiologia-senologia.ch\/wp-content\/uploads\/2024\/03\/foto-Katia.jpg 419w\" data-sizes=\"auto\" data-orig-sizes=\"(max-width: 640px) 100vw, 300px\" \/><\/span><\/div><\/div><\/div><div class=\"fusion-layout-column fusion_builder_column fusion-builder-column-8 fusion_builder_column_2_3 2_3 fusion-flex-column\" style=\"--awb-bg-size:cover;--awb-width-large:66.666666666667%;--awb-margin-top-large:0px;--awb-spacing-right-large:2.88%;--awb-margin-bottom-large:20px;--awb-spacing-left-large:2.88%;--awb-width-medium:66.666666666667%;--awb-order-medium:0;--awb-spacing-right-medium:2.88%;--awb-spacing-left-medium:2.88%;--awb-width-small:100%;--awb-order-small:0;--awb-spacing-right-small:1.92%;--awb-spacing-left-small:1.92%;\"><div class=\"fusion-column-wrapper fusion-column-has-shadow fusion-flex-justify-content-flex-start fusion-content-layout-column\"><div class=\"fusion-text fusion-text-4\"><h2>Dr.ssa med.\u00a0 Katia Piccotti<\/h2>\n<p>Dr. Katia Piccotti schloss ihr Studium der Medizin und Chirurgie an der Universit\u00e4t &#8222;La Sapienza&#8220; in Rom 2008 bzw. 2014 ab und spezialisierte sich auf Radiodiagnostik.<\/p>\n<p>Sie hat als Assistentin in verschiedenen Krankenh\u00e4usern gearbeitet, darunter das Kinderkrankenhaus &#8222;Bambino Ges\u00f9&#8220; in Rom und das Krankenhaus &#8222;Val d&#8217;Hebron&#8220; in Barcelona.<\/p>\n<p>Von 2014 bis 2018 arbeitete sie im Centre de Diagnostic per la Imatge und in der Corachan-Klinik in Barcelona (Spanien) und von 2018 bis Februar 2024 in der renommierten Rotger-Klinik in Palma de Mallorca (Spanien), wo sie umfangreiche Erfahrungen als Radiologin mit Schwerpunkt auf diagnostischer und interventioneller Senologie sammelte.<\/p>\n<p>Seit M\u00e4rz 2024 arbeitet sie am Centro di Radiologia e Senologia Luganese und ist f\u00fcr das Mammographie-Screening-Programm des Kantons Tessin akkreditiert.<\/p>\n<p>Sie hat an zahlreichen internationalen Kursen und Kongressen teilgenommen und ist Autorin zahlreicher internationaler Publikationen.<\/p>\n<\/div><div ><a class=\"fusion-button button-flat fusion-button-default-size button-default fusion-button-default button-4 fusion-button-default-span fusion-button-default-type\" target=\"_blank\" rel=\"noopener noreferrer\" href=\"https:\/\/radiologia-senologia.ch\/wp-content\/uploads\/2024\/03\/cv-piccotti-mod-SUPERFINALE-1.pdf\"><span class=\"fusion-button-text\">Lebenslauf ansehen<\/span><\/a><\/div><\/div><\/div><\/div><\/div><\/p>\n","protected":false},"excerpt":{"rendered":"","protected":false},"author":1,"featured_media":2097,"parent":0,"menu_order":0,"comment_status":"closed","ping_status":"closed","template":"100-width.php","meta":{"footnotes":""},"class_list":["post-2368","page","type-page","status-publish","has-post-thumbnail","hentry"],"_links":{"self":[{"href":"https:\/\/radiologia-senologia.ch\/de\/wp-json\/wp\/v2\/pages\/2368","targetHints":{"allow":["GET"]}}],"collection":[{"href":"https:\/\/radiologia-senologia.ch\/de\/wp-json\/wp\/v2\/pages"}],"about":[{"href":"https:\/\/radiologia-senologia.ch\/de\/wp-json\/wp\/v2\/types\/page"}],"author":[{"embeddable":true,"href":"https:\/\/radiologia-senologia.ch\/de\/wp-json\/wp\/v2\/users\/1"}],"replies":[{"embeddable":true,"href":"https:\/\/radiologia-senologia.ch\/de\/wp-json\/wp\/v2\/comments?post=2368"}],"version-history":[{"count":9,"href":"https:\/\/radiologia-senologia.ch\/de\/wp-json\/wp\/v2\/pages\/2368\/revisions"}],"predecessor-version":[{"id":2605,"href":"https:\/\/radiologia-senologia.ch\/de\/wp-json\/wp\/v2\/pages\/2368\/revisions\/2605"}],"wp:featuredmedia":[{"embeddable":true,"href":"https:\/\/radiologia-senologia.ch\/de\/wp-json\/wp\/v2\/media\/2097"}],"wp:attachment":[{"href":"https:\/\/radiologia-senologia.ch\/de\/wp-json\/wp\/v2\/media?parent=2368"}],"curies":[{"name":"wp","href":"https:\/\/api.w.org\/{rel}","templated":true}]}}